{"id":280029,"date":"2026-08-05T02:00:13","date_gmt":"2026-08-05T00:00:13","guid":{"rendered":"https:\/\/schweizversand.ch\/produkt\/redcliffs-wanderrucksack\/"},"modified":"2026-08-31T02:03:30","modified_gmt":"2026-08-31T00:03:30","slug":"redcliffs-wanderrucksack","status":"publish","type":"product","link":"https:\/\/schweizversand.ch\/fr\/produkt\/redcliffs-wanderrucksack\/","title":{"rendered":"Redcliffs Sac \u00e0 dos de randonn\u00e9e"},"content":{"rendered":"<h1><strong>Redcliffs Sac \u00e0 dos de randonn\u00e9e 16L<\/strong><\/h1>\n<div>Le <strong>Redcliffs Sac \u00e0 dos de randonn\u00e9e<\/strong> est le compagnon id\u00e9al pour les randonn\u00e9es, les excursions d&rsquo;une journ\u00e9e et la vie urbaine quotidienne. En tant que <strong>sac \u00e0 dos de jour compact de 16 litres<\/strong>, il allie des fonctions pratiques \u00e0 un design robuste.<\/p>\n<\/div>\n<div><strong>\u00c9quipement et confort<\/strong><br \/>Le compartiment principal avec <strong>fermeture \u00e9clair \u00e0 double sens<\/strong> offre un espace de rangement g\u00e9n\u00e9reux, tandis que la fermeture \u00e9clair de la poche frontale permet un acc\u00e8s rapide aux objets importants. Le <strong>dos rembourr\u00e9<\/strong> avec mesh sandwich assure une ventilation agr\u00e9able, et les bretelles r\u00e9glables en longueur adaptent le <strong>sac \u00e0 dos outdoor<\/strong> individuellement \u00e0 votre corps.<\/p>\n<\/div>\n<div><strong>D\u00e9tails techniques<\/strong><br \/>&#8211; Mat\u00e9riau : polyester ripstop, particuli\u00e8rement r\u00e9sistant \u00e0 la d\u00e9chirure<br \/>&#8211; Dimensions : 24,5 x 16 x 45 cm, volume de 16 litres<br \/>&#8211; Compartiment int\u00e9rieur pour ordinateur portable ainsi qu\u2019une poche int\u00e9rieure sur le rabat<br \/>&#8211; 2 poches ext\u00e9rieures lat\u00e9rales en filet<br \/>&#8211; 2 sangles de fixation lat\u00e9rales avec boucles<br \/>&#8211; Poign\u00e9e de transport en haut<br \/>&#8211; Disponible en 3 couleurs assorties &#8211; orange, vert et bleu (pas de choix de couleur possible)<br \/>&#8211; Prix par sac \u00e0 dos<\/p>\n<\/div>\n<div>Ce <strong>sac \u00e0 dos pour ordinateur portable<\/strong> polyvalent s\u00e9duit par ses d\u00e9tails bien pens\u00e9s et est le choix parfait pour tous ceux qui recherchent un sac \u00e0 dos de jour fiable. Commandez d\u00e8s maintenant et partez \u00e0 la d\u00e9couverte.<\/div>\n<div><\/div>\n","protected":false},"excerpt":{"rendered":"<p>Le sac \u00e0 dos de randonn\u00e9e Redcliffs 16L allie robustesse et confort avec un compartiment principal spacieux,<\/p>\n","protected":false},"featured_media":276320,"template":"","meta":[],"product_brand":[],"product_cat":[38335],"product_tag":[],"class_list":["post-280029","product","type-product","status-publish","has-post-thumbnail","product_cat-wandern","first","instock","taxable","shipping-taxable","purchasable","product-type-simple"],"yoast_head":"<!-- This site is optimized with the Yoast SEO plugin v28.3 - https:\/\/yoast.com\/product\/yoast-seo-wordpress\/ -->\n<title>Redcliffs Wanderrucksack<\/title>\n<meta name=\"description\" content=\"Redcliffs Wanderrucksack 16L Der Redcliffs Wanderrucksack ist der ideale Begleiter f\u00fcr Wanderungen, Tagesausfl\u00fcge und den urbanen Alltag. Als kompakter Tagesruc\" \/>\n<meta name=\"robots\" content=\"index, follow, max-snippet:-1, max-image-preview:large, max-video-preview:-1\" \/>\n<link rel=\"canonical\" href=\"https:\/\/schweizversand.ch\/fr\/produkt\/redcliffs-wanderrucksack\/\" \/>\n<meta property=\"og:locale\" content=\"fr_FR\" \/>\n<meta property=\"og:type\" content=\"article\" \/>\n<meta property=\"og:title\" content=\"Redcliffs Wanderrucksack\" \/>\n<meta property=\"og:description\" content=\"Redcliffs Wanderrucksack 16L Der Redcliffs Wanderrucksack ist der ideale Begleiter f\u00fcr Wanderungen, Tagesausfl\u00fcge und den urbanen Alltag. Als kompakter Tagesruc\" \/>\n<meta property=\"og:url\" content=\"https:\/\/schweizversand.ch\/fr\/produkt\/redcliffs-wanderrucksack\/\" \/>\n<meta property=\"og:site_name\" content=\"Schweizer Shop f\u00fcr Sport, Spiel und Freizeit\" \/>\n<meta property=\"article:publisher\" content=\"https:\/\/www.facebook.com\/Schweizversand\" \/>\n<meta property=\"article:modified_time\" content=\"2026-08-31T00:03:30+00:00\" \/>\n<meta property=\"og:image\" content=\"https:\/\/schweizversand.ch\/wp-content\/uploads\/2026\/08\/6031743158.jpg\" \/>\n\t<meta property=\"og:image:width\" content=\"1024\" \/>\n\t<meta property=\"og:image:height\" content=\"829\" \/>\n\t<meta property=\"og:image:type\" content=\"image\/jpeg\" \/>\n<meta name=\"twitter:card\" content=\"summary_large_image\" \/>\n<meta name=\"twitter:label1\" content=\"Dur\u00e9e de lecture estim\u00e9e\" \/>\n\t<meta name=\"twitter:data1\" content=\"1 minute\" \/>\n<script type=\"application\/ld+json\" class=\"yoast-schema-graph\">{\"@context\":\"https:\\\/\\\/schema.org\",\"@graph\":[{\"@type\":\"WebPage\",\"@id\":\"https:\\\/\\\/schweizversand.ch\\\/fr\\\/produkt\\\/redcliffs-wanderrucksack\\\/\",\"url\":\"https:\\\/\\\/schweizversand.ch\\\/fr\\\/produkt\\\/redcliffs-wanderrucksack\\\/\",\"name\":\"Redcliffs Wanderrucksack\",\"isPartOf\":{\"@id\":\"https:\\\/\\\/schweizversand.ch\\\/fr\\\/#website\"},\"primaryImageOfPage\":{\"@id\":\"https:\\\/\\\/schweizversand.ch\\\/fr\\\/produkt\\\/redcliffs-wanderrucksack\\\/#primaryimage\"},\"image\":{\"@id\":\"https:\\\/\\\/schweizversand.ch\\\/fr\\\/produkt\\\/redcliffs-wanderrucksack\\\/#primaryimage\"},\"thumbnailUrl\":\"https:\\\/\\\/schweizversand.ch\\\/wp-content\\\/uploads\\\/2026\\\/08\\\/6031743158.jpg\",\"datePublished\":\"2026-08-05T00:00:13+00:00\",\"dateModified\":\"2026-08-31T00:03:30+00:00\",\"description\":\"Redcliffs Wanderrucksack 16L Der Redcliffs Wanderrucksack ist der ideale Begleiter f\u00fcr Wanderungen, Tagesausfl\u00fcge und den urbanen Alltag. Als kompakter Tagesruc\",\"breadcrumb\":{\"@id\":\"https:\\\/\\\/schweizversand.ch\\\/fr\\\/produkt\\\/redcliffs-wanderrucksack\\\/#breadcrumb\"},\"inLanguage\":\"fr-FR\",\"potentialAction\":[{\"@type\":\"ReadAction\",\"target\":[\"https:\\\/\\\/schweizversand.ch\\\/fr\\\/produkt\\\/redcliffs-wanderrucksack\\\/\"]}]},{\"@type\":\"ImageObject\",\"inLanguage\":\"fr-FR\",\"@id\":\"https:\\\/\\\/schweizversand.ch\\\/fr\\\/produkt\\\/redcliffs-wanderrucksack\\\/#primaryimage\",\"url\":\"https:\\\/\\\/schweizversand.ch\\\/wp-content\\\/uploads\\\/2026\\\/08\\\/6031743158.jpg\",\"contentUrl\":\"https:\\\/\\\/schweizversand.ch\\\/wp-content\\\/uploads\\\/2026\\\/08\\\/6031743158.jpg\",\"width\":1024,\"height\":829},{\"@type\":\"BreadcrumbList\",\"@id\":\"https:\\\/\\\/schweizversand.ch\\\/fr\\\/produkt\\\/redcliffs-wanderrucksack\\\/#breadcrumb\",\"itemListElement\":[{\"@type\":\"ListItem\",\"position\":1,\"name\":\"Startseite\",\"item\":\"https:\\\/\\\/schweizversand.ch\\\/fr\\\/home\\\/\"},{\"@type\":\"ListItem\",\"position\":2,\"name\":\"Boutique\",\"item\":\"https:\\\/\\\/schweizversand.ch\\\/fr\\\/boutique\\\/\"},{\"@type\":\"ListItem\",\"position\":3,\"name\":\"Sports\",\"item\":\"https:\\\/\\\/schweizversand.ch\\\/fr\\\/produkt-kategorie\\\/sports\\\/\"},{\"@type\":\"ListItem\",\"position\":4,\"name\":\"Plein air\",\"item\":\"https:\\\/\\\/schweizversand.ch\\\/fr\\\/produkt-kategorie\\\/sports\\\/plein-air\\\/\"},{\"@type\":\"ListItem\",\"position\":5,\"name\":\"Randonn\u00e9e\",\"item\":\"https:\\\/\\\/schweizversand.ch\\\/fr\\\/produkt-kategorie\\\/sports\\\/plein-air\\\/wandern\\\/\"},{\"@type\":\"ListItem\",\"position\":6,\"name\":\"Redcliffs Sac \u00e0 dos de randonn\u00e9e\"}]},{\"@type\":\"WebSite\",\"@id\":\"https:\\\/\\\/schweizversand.ch\\\/fr\\\/#website\",\"url\":\"https:\\\/\\\/schweizversand.ch\\\/fr\\\/\",\"name\":\"Schweizer Shop f\u00fcr Sport, Spiel und Freizeit\",\"description\":\"Gratisversand ab 50.- (netto), ab eigenem schweizer Lager, Lieferung innert 48h\",\"publisher\":{\"@id\":\"https:\\\/\\\/schweizversand.ch\\\/fr\\\/#organization\"},\"alternateName\":\"Schweizversand.ch\",\"potentialAction\":[{\"@type\":\"SearchAction\",\"target\":{\"@type\":\"EntryPoint\",\"urlTemplate\":\"https:\\\/\\\/schweizversand.ch\\\/fr\\\/?s={search_term_string}\"},\"query-input\":{\"@type\":\"PropertyValueSpecification\",\"valueRequired\":true,\"valueName\":\"search_term_string\"}}],\"inLanguage\":\"fr-FR\"},{\"@type\":\"Organization\",\"@id\":\"https:\\\/\\\/schweizversand.ch\\\/fr\\\/#organization\",\"name\":\"Schweizversand.ch\",\"url\":\"https:\\\/\\\/schweizversand.ch\\\/fr\\\/\",\"logo\":{\"@type\":\"ImageObject\",\"inLanguage\":\"fr-FR\",\"@id\":\"https:\\\/\\\/schweizversand.ch\\\/fr\\\/#\\\/schema\\\/logo\\\/image\\\/\",\"url\":\"https:\\\/\\\/schweizversand.ch\\\/wp-content\\\/uploads\\\/2026\\\/03\\\/Logo_Rund_Final-1.png\",\"contentUrl\":\"https:\\\/\\\/schweizversand.ch\\\/wp-content\\\/uploads\\\/2026\\\/03\\\/Logo_Rund_Final-1.png\",\"width\":404,\"height\":404,\"caption\":\"Schweizversand.ch\"},\"image\":{\"@id\":\"https:\\\/\\\/schweizversand.ch\\\/fr\\\/#\\\/schema\\\/logo\\\/image\\\/\"},\"sameAs\":[\"https:\\\/\\\/www.facebook.com\\\/Schweizversand\",\"https:\\\/\\\/www.instagram.com\\\/schweizversand.ch\\\/\"]}]}<\/script>\n<!-- \/ Yoast SEO plugin. -->","yoast_head_json":{"title":"Redcliffs Wanderrucksack","description":"Redcliffs Wanderrucksack 16L Der Redcliffs Wanderrucksack ist der ideale Begleiter f\u00fcr Wanderungen, Tagesausfl\u00fcge und den urbanen Alltag. Als kompakter Tagesruc","robots":{"index":"index","follow":"follow","max-snippet":"max-snippet:-1","max-image-preview":"max-image-preview:large","max-video-preview":"max-video-preview:-1"},"canonical":"https:\/\/schweizversand.ch\/fr\/produkt\/redcliffs-wanderrucksack\/","og_locale":"fr_FR","og_type":"article","og_title":"Redcliffs Wanderrucksack","og_description":"Redcliffs Wanderrucksack 16L Der Redcliffs Wanderrucksack ist der ideale Begleiter f\u00fcr Wanderungen, Tagesausfl\u00fcge und den urbanen Alltag. Als kompakter Tagesruc","og_url":"https:\/\/schweizversand.ch\/fr\/produkt\/redcliffs-wanderrucksack\/","og_site_name":"Schweizer Shop f\u00fcr Sport, Spiel und Freizeit","article_publisher":"https:\/\/www.facebook.com\/Schweizversand","article_modified_time":"2026-08-31T00:03:30+00:00","og_image":[{"width":1024,"height":829,"url":"https:\/\/schweizversand.ch\/wp-content\/uploads\/2026\/08\/6031743158.jpg","type":"image\/jpeg"}],"twitter_card":"summary_large_image","twitter_misc":{"Dur\u00e9e de lecture estim\u00e9e":"1 minute"},"schema":{"@context":"https:\/\/schema.org","@graph":[{"@type":"WebPage","@id":"https:\/\/schweizversand.ch\/fr\/produkt\/redcliffs-wanderrucksack\/","url":"https:\/\/schweizversand.ch\/fr\/produkt\/redcliffs-wanderrucksack\/","name":"Redcliffs Wanderrucksack","isPartOf":{"@id":"https:\/\/schweizversand.ch\/fr\/#website"},"primaryImageOfPage":{"@id":"https:\/\/schweizversand.ch\/fr\/produkt\/redcliffs-wanderrucksack\/#primaryimage"},"image":{"@id":"https:\/\/schweizversand.ch\/fr\/produkt\/redcliffs-wanderrucksack\/#primaryimage"},"thumbnailUrl":"https:\/\/schweizversand.ch\/wp-content\/uploads\/2026\/08\/6031743158.jpg","datePublished":"2026-08-05T00:00:13+00:00","dateModified":"2026-08-31T00:03:30+00:00","description":"Redcliffs Wanderrucksack 16L Der Redcliffs Wanderrucksack ist der ideale Begleiter f\u00fcr Wanderungen, Tagesausfl\u00fcge und den urbanen Alltag. Als kompakter Tagesruc","breadcrumb":{"@id":"https:\/\/schweizversand.ch\/fr\/produkt\/redcliffs-wanderrucksack\/#breadcrumb"},"inLanguage":"fr-FR","potentialAction":[{"@type":"ReadAction","target":["https:\/\/schweizversand.ch\/fr\/produkt\/redcliffs-wanderrucksack\/"]}]},{"@type":"ImageObject","inLanguage":"fr-FR","@id":"https:\/\/schweizversand.ch\/fr\/produkt\/redcliffs-wanderrucksack\/#primaryimage","url":"https:\/\/schweizversand.ch\/wp-content\/uploads\/2026\/08\/6031743158.jpg","contentUrl":"https:\/\/schweizversand.ch\/wp-content\/uploads\/2026\/08\/6031743158.jpg","width":1024,"height":829},{"@type":"BreadcrumbList","@id":"https:\/\/schweizversand.ch\/fr\/produkt\/redcliffs-wanderrucksack\/#breadcrumb","itemListElement":[{"@type":"ListItem","position":1,"name":"Startseite","item":"https:\/\/schweizversand.ch\/fr\/home\/"},{"@type":"ListItem","position":2,"name":"Boutique","item":"https:\/\/schweizversand.ch\/fr\/boutique\/"},{"@type":"ListItem","position":3,"name":"Sports","item":"https:\/\/schweizversand.ch\/fr\/produkt-kategorie\/sports\/"},{"@type":"ListItem","position":4,"name":"Plein air","item":"https:\/\/schweizversand.ch\/fr\/produkt-kategorie\/sports\/plein-air\/"},{"@type":"ListItem","position":5,"name":"Randonn\u00e9e","item":"https:\/\/schweizversand.ch\/fr\/produkt-kategorie\/sports\/plein-air\/wandern\/"},{"@type":"ListItem","position":6,"name":"Redcliffs Sac \u00e0 dos de randonn\u00e9e"}]},{"@type":"WebSite","@id":"https:\/\/schweizversand.ch\/fr\/#website","url":"https:\/\/schweizversand.ch\/fr\/","name":"Schweizer Shop f\u00fcr Sport, Spiel und Freizeit","description":"Gratisversand ab 50.- (netto), ab eigenem schweizer Lager, Lieferung innert 48h","publisher":{"@id":"https:\/\/schweizversand.ch\/fr\/#organization"},"alternateName":"Schweizversand.ch","potentialAction":[{"@type":"SearchAction","target":{"@type":"EntryPoint","urlTemplate":"https:\/\/schweizversand.ch\/fr\/?s={search_term_string}"},"query-input":{"@type":"PropertyValueSpecification","valueRequired":true,"valueName":"search_term_string"}}],"inLanguage":"fr-FR"},{"@type":"Organization","@id":"https:\/\/schweizversand.ch\/fr\/#organization","name":"Schweizversand.ch","url":"https:\/\/schweizversand.ch\/fr\/","logo":{"@type":"ImageObject","inLanguage":"fr-FR","@id":"https:\/\/schweizversand.ch\/fr\/#\/schema\/logo\/image\/","url":"https:\/\/schweizversand.ch\/wp-content\/uploads\/2026\/03\/Logo_Rund_Final-1.png","contentUrl":"https:\/\/schweizversand.ch\/wp-content\/uploads\/2026\/03\/Logo_Rund_Final-1.png","width":404,"height":404,"caption":"Schweizversand.ch"},"image":{"@id":"https:\/\/schweizversand.ch\/fr\/#\/schema\/logo\/image\/"},"sameAs":["https:\/\/www.facebook.com\/Schweizversand","https:\/\/www.instagram.com\/schweizversand.ch\/"]}]}},"jetpack_sharing_enabled":true,"_links":{"self":[{"href":"https:\/\/schweizversand.ch\/fr\/wp-json\/wp\/v2\/product\/280029","targetHints":{"allow":["GET"]}}],"collection":[{"href":"https:\/\/schweizversand.ch\/fr\/wp-json\/wp\/v2\/product"}],"about":[{"href":"https:\/\/schweizversand.ch\/fr\/wp-json\/wp\/v2\/types\/product"}],"wp:featuredmedia":[{"embeddable":true,"href":"https:\/\/schweizversand.ch\/fr\/wp-json\/wp\/v2\/media\/276320"}],"wp:attachment":[{"href":"https:\/\/schweizversand.ch\/fr\/wp-json\/wp\/v2\/media?parent=280029"}],"wp:term":[{"taxonomy":"product_brand","embeddable":true,"href":"https:\/\/schweizversand.ch\/fr\/wp-json\/wp\/v2\/product_brand?post=280029"},{"taxonomy":"product_cat","embeddable":true,"href":"https:\/\/schweizversand.ch\/fr\/wp-json\/wp\/v2\/product_cat?post=280029"},{"taxonomy":"product_tag","embeddable":true,"href":"https:\/\/schweizversand.ch\/fr\/wp-json\/wp\/v2\/product_tag?post=280029"}],"curies":[{"name":"wp","href":"https:\/\/api.w.org\/{rel}","templated":true}]}}