{"id":280347,"date":"2026-06-13T15:31:02","date_gmt":"2026-06-13T13:31:02","guid":{"rendered":"https:\/\/schweizversand.ch\/produkt\/uvex-skihelm-4\/"},"modified":"2026-09-01T16:04:20","modified_gmt":"2026-09-01T14:04:20","slug":"uvex-skihelm-4","status":"publish","type":"product","link":"https:\/\/schweizversand.ch\/fr\/produkt\/uvex-skihelm-4\/","title":{"rendered":"Uvex Casque de ski"},"content":{"rendered":"<h1><strong>Casque uvex race+ \u2013 A\u00e9rodynamisme maximal pour les coureurs<\/strong><\/h1>\n<div>Le uvex race+ est le casque de course ultime pour tous ceux qui recherchent des vitesses extr\u00eames dans le ski alpin. Ce <strong>casque uvex race+<\/strong> combine une a\u00e9rodynamique optimis\u00e9e pour le flux d\u2019air avec une s\u00e9curit\u00e9 sans compromis, afin de vous offrir un avantage d\u00e9cisif sur les pistes.<\/p>\n<\/div>\n<div><strong>Performance et s\u00e9curit\u00e9<\/strong><br \/>Ce <strong>casque de ski Hardshell<\/strong> a \u00e9t\u00e9 sp\u00e9cialement con\u00e7u pour la comp\u00e9tition. R\u00e9sistant aux chocs \u00e0 l\u2019ext\u00e9rieur et absorbant les impacts \u00e0 l\u2019int\u00e9rieur, la technologie moderne Hardshell prot\u00e8ge de mani\u00e8re fiable en cas de chute ou de coup. Le mat\u00e9riau thermoplastique sp\u00e9cial le rend <strong>15 % plus l\u00e9ger<\/strong> que les casques ABS traditionnels, ce qui augmente nettement le confort de port tout en garantissant une robustesse maximale.<\/p>\n<\/div>\n<div><strong>Optimis\u00e9 pour la vitesse<\/strong><br \/>L\u2019a\u00e9rodynamique exceptionnelle du <strong>casque de ski Uvex Race<\/strong> est con\u00e7ue pour minimiser la friction et maximiser votre vitesse. Il r\u00e9pond aux exigences strictes de la F\u00e9d\u00e9ration Internationale de Ski et constitue ainsi un <strong>casque de course ski alpin<\/strong> parfaitement <strong>conforme aux normes FIS<\/strong>.<\/p>\n<\/div>\n<div><strong>Caract\u00e9ristiques et confort<\/strong><br \/>Le casque est pens\u00e9 dans les moindres d\u00e9tails pour garantir un confort et une fonctionnalit\u00e9 optimaux :<br \/>&#8211; Ventilation optimale pour un climat agr\u00e9able \u00e0 l\u2019int\u00e9rieur du casque<br \/>&#8211; Syst\u00e8me Natural Sound avec membrane r\u00e9glable pour une perception sonore naturelle<br \/>&#8211; Rembourrage int\u00e9rieur hypoallerg\u00e9nique pour l\u2019hygi\u00e8ne et le respect de la peau<br \/>&#8211; Fermeture Monomatic confortable, utilisable d\u2019une seule main et avec protection contre l\u2019ouverture<br \/>&#8211; Sangle de menton douce pour un maintien agr\u00e9able<br \/>&#8211; Support pour lunettes de ski assurant un maintien parfait des lunettes<\/p>\n<\/div>\n<div><strong>Qualit\u00e9 certifi\u00e9e<\/strong><br \/>Fiez-vous aux normes de s\u00e9curit\u00e9 les plus \u00e9lev\u00e9es. Le uvex race+ est fabriqu\u00e9 en Allemagne et certifi\u00e9 selon les normes les plus importantes :<br \/>&#8211; FIS RH 2013<br \/>&#8211; EN 1077 A<br \/>&#8211; ASTM F2040<\/p>\n<\/div>\n<div>Choisissez le casque uvex race+ pour vivre une s\u00e9curit\u00e9 maximale et une vitesse imbattable en comp\u00e9tition. Assurez-vous d\u00e8s maintenant votre avantage sur la piste de course.<\/p>\n<\/div>\n<div>\n<\/div>\n","protected":false},"excerpt":{"rendered":"<p>Uvex race+ : casque de ski alpin a\u00e9rodynamique et l\u00e9ger, offrant une protection maximale et un confort optimal pour les comp\u00e9titions de haute vitesse.<\/p>\n","protected":false},"featured_media":273010,"template":"","meta":[],"product_brand":[],"product_cat":[39317],"product_tag":[],"class_list":["post-280347","product","type-product","status-publish","has-post-thumbnail","product_cat-schutzausruestung","first","instock","taxable","shipping-taxable","purchasable","product-type-simple"],"yoast_head":"<!-- This site is optimized with the Yoast SEO plugin v28.4 - https:\/\/yoast.com\/product\/yoast-seo-wordpress\/ -->\n<title>Uvex Skihelm<\/title>\n<meta name=\"description\" content=\"uvex race+ Helm \u2013 Maximale Aerodynamik f\u00fcr Rennfahrer Der uvex race+ ist der ultimative Rennhelm f\u00fcr alle, die H\u00f6chstgeschwindigkeiten im Ski Alpin Sport suchen\" \/>\n<meta name=\"robots\" content=\"index, follow, max-snippet:-1, max-image-preview:large, max-video-preview:-1\" \/>\n<link rel=\"canonical\" href=\"https:\/\/schweizversand.ch\/fr\/produkt\/uvex-skihelm-4\/\" \/>\n<meta property=\"og:locale\" content=\"fr_FR\" \/>\n<meta property=\"og:type\" content=\"article\" \/>\n<meta property=\"og:title\" content=\"Uvex Skihelm\" \/>\n<meta property=\"og:description\" content=\"uvex race+ Helm \u2013 Maximale Aerodynamik f\u00fcr Rennfahrer Der uvex race+ ist der ultimative Rennhelm f\u00fcr alle, die H\u00f6chstgeschwindigkeiten im Ski Alpin Sport suchen\" \/>\n<meta property=\"og:url\" content=\"https:\/\/schweizversand.ch\/fr\/produkt\/uvex-skihelm-4\/\" \/>\n<meta property=\"og:site_name\" content=\"Schweizer Shop f\u00fcr Sport, Spiel und Freizeit\" \/>\n<meta property=\"article:publisher\" content=\"https:\/\/www.facebook.com\/Schweizversand\" \/>\n<meta property=\"article:modified_time\" content=\"2026-09-01T14:04:20+00:00\" \/>\n<meta property=\"og:image\" content=\"https:\/\/schweizversand.ch\/wp-content\/uploads\/2026\/06\/5816774433.jpg\" \/>\n\t<meta property=\"og:image:width\" content=\"768\" \/>\n\t<meta property=\"og:image:height\" content=\"1024\" \/>\n\t<meta property=\"og:image:type\" content=\"image\/jpeg\" \/>\n<meta name=\"twitter:card\" content=\"summary_large_image\" \/>\n<meta name=\"twitter:label1\" content=\"Dur\u00e9e de lecture estim\u00e9e\" \/>\n\t<meta name=\"twitter:data1\" content=\"2 minutes\" \/>\n<script type=\"application\/ld+json\" class=\"yoast-schema-graph\">{\"@context\":\"https:\\\/\\\/schema.org\",\"@graph\":[{\"@type\":\"WebPage\",\"@id\":\"https:\\\/\\\/schweizversand.ch\\\/fr\\\/produkt\\\/uvex-skihelm-4\\\/\",\"url\":\"https:\\\/\\\/schweizversand.ch\\\/fr\\\/produkt\\\/uvex-skihelm-4\\\/\",\"name\":\"Uvex Skihelm\",\"isPartOf\":{\"@id\":\"https:\\\/\\\/schweizversand.ch\\\/fr\\\/#website\"},\"primaryImageOfPage\":{\"@id\":\"https:\\\/\\\/schweizversand.ch\\\/fr\\\/produkt\\\/uvex-skihelm-4\\\/#primaryimage\"},\"image\":{\"@id\":\"https:\\\/\\\/schweizversand.ch\\\/fr\\\/produkt\\\/uvex-skihelm-4\\\/#primaryimage\"},\"thumbnailUrl\":\"https:\\\/\\\/schweizversand.ch\\\/wp-content\\\/uploads\\\/2026\\\/06\\\/5816774433.jpg\",\"datePublished\":\"2026-06-13T13:31:02+00:00\",\"dateModified\":\"2026-09-01T14:04:20+00:00\",\"description\":\"uvex race+ Helm \u2013 Maximale Aerodynamik f\u00fcr Rennfahrer Der uvex race+ ist der ultimative Rennhelm f\u00fcr alle, die H\u00f6chstgeschwindigkeiten im Ski Alpin Sport suchen\",\"breadcrumb\":{\"@id\":\"https:\\\/\\\/schweizversand.ch\\\/fr\\\/produkt\\\/uvex-skihelm-4\\\/#breadcrumb\"},\"inLanguage\":\"fr-FR\",\"potentialAction\":[{\"@type\":\"ReadAction\",\"target\":[\"https:\\\/\\\/schweizversand.ch\\\/fr\\\/produkt\\\/uvex-skihelm-4\\\/\"]}]},{\"@type\":\"ImageObject\",\"inLanguage\":\"fr-FR\",\"@id\":\"https:\\\/\\\/schweizversand.ch\\\/fr\\\/produkt\\\/uvex-skihelm-4\\\/#primaryimage\",\"url\":\"https:\\\/\\\/schweizversand.ch\\\/wp-content\\\/uploads\\\/2026\\\/06\\\/5816774433.jpg\",\"contentUrl\":\"https:\\\/\\\/schweizversand.ch\\\/wp-content\\\/uploads\\\/2026\\\/06\\\/5816774433.jpg\",\"width\":768,\"height\":1024},{\"@type\":\"BreadcrumbList\",\"@id\":\"https:\\\/\\\/schweizversand.ch\\\/fr\\\/produkt\\\/uvex-skihelm-4\\\/#breadcrumb\",\"itemListElement\":[{\"@type\":\"ListItem\",\"position\":1,\"name\":\"Startseite\",\"item\":\"https:\\\/\\\/schweizversand.ch\\\/fr\\\/home\\\/\"},{\"@type\":\"ListItem\",\"position\":2,\"name\":\"Boutique\",\"item\":\"https:\\\/\\\/schweizversand.ch\\\/fr\\\/boutique\\\/\"},{\"@type\":\"ListItem\",\"position\":3,\"name\":\"Schutzausr\u00fcstung\",\"item\":\"https:\\\/\\\/schweizversand.ch\\\/fr\\\/produkt-kategorie\\\/schutzausruestung\\\/\"},{\"@type\":\"ListItem\",\"position\":4,\"name\":\"Uvex Casque de ski\"}]},{\"@type\":\"WebSite\",\"@id\":\"https:\\\/\\\/schweizversand.ch\\\/fr\\\/#website\",\"url\":\"https:\\\/\\\/schweizversand.ch\\\/fr\\\/\",\"name\":\"Schweizer Shop f\u00fcr Sport, Spiel und Freizeit\",\"description\":\"Gratisversand ab 50.- (netto), ab eigenem schweizer Lager, Lieferung innert 48h\",\"publisher\":{\"@id\":\"https:\\\/\\\/schweizversand.ch\\\/fr\\\/#organization\"},\"alternateName\":\"Schweizversand.ch\",\"potentialAction\":[{\"@type\":\"SearchAction\",\"target\":{\"@type\":\"EntryPoint\",\"urlTemplate\":\"https:\\\/\\\/schweizversand.ch\\\/fr\\\/?s={search_term_string}\"},\"query-input\":{\"@type\":\"PropertyValueSpecification\",\"valueRequired\":true,\"valueName\":\"search_term_string\"}}],\"inLanguage\":\"fr-FR\"},{\"@type\":\"Organization\",\"@id\":\"https:\\\/\\\/schweizversand.ch\\\/fr\\\/#organization\",\"name\":\"Schweizversand.ch\",\"url\":\"https:\\\/\\\/schweizversand.ch\\\/fr\\\/\",\"logo\":{\"@type\":\"ImageObject\",\"inLanguage\":\"fr-FR\",\"@id\":\"https:\\\/\\\/schweizversand.ch\\\/fr\\\/#\\\/schema\\\/logo\\\/image\\\/\",\"url\":\"https:\\\/\\\/schweizversand.ch\\\/wp-content\\\/uploads\\\/2026\\\/03\\\/Logo_Rund_Final-1.png\",\"contentUrl\":\"https:\\\/\\\/schweizversand.ch\\\/wp-content\\\/uploads\\\/2026\\\/03\\\/Logo_Rund_Final-1.png\",\"width\":404,\"height\":404,\"caption\":\"Schweizversand.ch\"},\"image\":{\"@id\":\"https:\\\/\\\/schweizversand.ch\\\/fr\\\/#\\\/schema\\\/logo\\\/image\\\/\"},\"sameAs\":[\"https:\\\/\\\/www.facebook.com\\\/Schweizversand\",\"https:\\\/\\\/www.instagram.com\\\/schweizversand.ch\\\/\"]}]}<\/script>\n<!-- \/ Yoast SEO plugin. -->","yoast_head_json":{"title":"Uvex Skihelm","description":"uvex race+ Helm \u2013 Maximale Aerodynamik f\u00fcr Rennfahrer Der uvex race+ ist der ultimative Rennhelm f\u00fcr alle, die H\u00f6chstgeschwindigkeiten im Ski Alpin Sport suchen","robots":{"index":"index","follow":"follow","max-snippet":"max-snippet:-1","max-image-preview":"max-image-preview:large","max-video-preview":"max-video-preview:-1"},"canonical":"https:\/\/schweizversand.ch\/fr\/produkt\/uvex-skihelm-4\/","og_locale":"fr_FR","og_type":"article","og_title":"Uvex Skihelm","og_description":"uvex race+ Helm \u2013 Maximale Aerodynamik f\u00fcr Rennfahrer Der uvex race+ ist der ultimative Rennhelm f\u00fcr alle, die H\u00f6chstgeschwindigkeiten im Ski Alpin Sport suchen","og_url":"https:\/\/schweizversand.ch\/fr\/produkt\/uvex-skihelm-4\/","og_site_name":"Schweizer Shop f\u00fcr Sport, Spiel und Freizeit","article_publisher":"https:\/\/www.facebook.com\/Schweizversand","article_modified_time":"2026-09-01T14:04:20+00:00","og_image":[{"width":768,"height":1024,"url":"https:\/\/schweizversand.ch\/wp-content\/uploads\/2026\/06\/5816774433.jpg","type":"image\/jpeg"}],"twitter_card":"summary_large_image","twitter_misc":{"Dur\u00e9e de lecture estim\u00e9e":"2 minutes"},"schema":{"@context":"https:\/\/schema.org","@graph":[{"@type":"WebPage","@id":"https:\/\/schweizversand.ch\/fr\/produkt\/uvex-skihelm-4\/","url":"https:\/\/schweizversand.ch\/fr\/produkt\/uvex-skihelm-4\/","name":"Uvex Skihelm","isPartOf":{"@id":"https:\/\/schweizversand.ch\/fr\/#website"},"primaryImageOfPage":{"@id":"https:\/\/schweizversand.ch\/fr\/produkt\/uvex-skihelm-4\/#primaryimage"},"image":{"@id":"https:\/\/schweizversand.ch\/fr\/produkt\/uvex-skihelm-4\/#primaryimage"},"thumbnailUrl":"https:\/\/schweizversand.ch\/wp-content\/uploads\/2026\/06\/5816774433.jpg","datePublished":"2026-06-13T13:31:02+00:00","dateModified":"2026-09-01T14:04:20+00:00","description":"uvex race+ Helm \u2013 Maximale Aerodynamik f\u00fcr Rennfahrer Der uvex race+ ist der ultimative Rennhelm f\u00fcr alle, die H\u00f6chstgeschwindigkeiten im Ski Alpin Sport suchen","breadcrumb":{"@id":"https:\/\/schweizversand.ch\/fr\/produkt\/uvex-skihelm-4\/#breadcrumb"},"inLanguage":"fr-FR","potentialAction":[{"@type":"ReadAction","target":["https:\/\/schweizversand.ch\/fr\/produkt\/uvex-skihelm-4\/"]}]},{"@type":"ImageObject","inLanguage":"fr-FR","@id":"https:\/\/schweizversand.ch\/fr\/produkt\/uvex-skihelm-4\/#primaryimage","url":"https:\/\/schweizversand.ch\/wp-content\/uploads\/2026\/06\/5816774433.jpg","contentUrl":"https:\/\/schweizversand.ch\/wp-content\/uploads\/2026\/06\/5816774433.jpg","width":768,"height":1024},{"@type":"BreadcrumbList","@id":"https:\/\/schweizversand.ch\/fr\/produkt\/uvex-skihelm-4\/#breadcrumb","itemListElement":[{"@type":"ListItem","position":1,"name":"Startseite","item":"https:\/\/schweizversand.ch\/fr\/home\/"},{"@type":"ListItem","position":2,"name":"Boutique","item":"https:\/\/schweizversand.ch\/fr\/boutique\/"},{"@type":"ListItem","position":3,"name":"Schutzausr\u00fcstung","item":"https:\/\/schweizversand.ch\/fr\/produkt-kategorie\/schutzausruestung\/"},{"@type":"ListItem","position":4,"name":"Uvex Casque de ski"}]},{"@type":"WebSite","@id":"https:\/\/schweizversand.ch\/fr\/#website","url":"https:\/\/schweizversand.ch\/fr\/","name":"Schweizer Shop f\u00fcr Sport, Spiel und Freizeit","description":"Gratisversand ab 50.- (netto), ab eigenem schweizer Lager, Lieferung innert 48h","publisher":{"@id":"https:\/\/schweizversand.ch\/fr\/#organization"},"alternateName":"Schweizversand.ch","potentialAction":[{"@type":"SearchAction","target":{"@type":"EntryPoint","urlTemplate":"https:\/\/schweizversand.ch\/fr\/?s={search_term_string}"},"query-input":{"@type":"PropertyValueSpecification","valueRequired":true,"valueName":"search_term_string"}}],"inLanguage":"fr-FR"},{"@type":"Organization","@id":"https:\/\/schweizversand.ch\/fr\/#organization","name":"Schweizversand.ch","url":"https:\/\/schweizversand.ch\/fr\/","logo":{"@type":"ImageObject","inLanguage":"fr-FR","@id":"https:\/\/schweizversand.ch\/fr\/#\/schema\/logo\/image\/","url":"https:\/\/schweizversand.ch\/wp-content\/uploads\/2026\/03\/Logo_Rund_Final-1.png","contentUrl":"https:\/\/schweizversand.ch\/wp-content\/uploads\/2026\/03\/Logo_Rund_Final-1.png","width":404,"height":404,"caption":"Schweizversand.ch"},"image":{"@id":"https:\/\/schweizversand.ch\/fr\/#\/schema\/logo\/image\/"},"sameAs":["https:\/\/www.facebook.com\/Schweizversand","https:\/\/www.instagram.com\/schweizversand.ch\/"]}]}},"jetpack_sharing_enabled":true,"_links":{"self":[{"href":"https:\/\/schweizversand.ch\/fr\/wp-json\/wp\/v2\/product\/280347","targetHints":{"allow":["GET"]}}],"collection":[{"href":"https:\/\/schweizversand.ch\/fr\/wp-json\/wp\/v2\/product"}],"about":[{"href":"https:\/\/schweizversand.ch\/fr\/wp-json\/wp\/v2\/types\/product"}],"wp:featuredmedia":[{"embeddable":true,"href":"https:\/\/schweizversand.ch\/fr\/wp-json\/wp\/v2\/media\/273010"}],"wp:attachment":[{"href":"https:\/\/schweizversand.ch\/fr\/wp-json\/wp\/v2\/media?parent=280347"}],"wp:term":[{"taxonomy":"product_brand","embeddable":true,"href":"https:\/\/schweizversand.ch\/fr\/wp-json\/wp\/v2\/product_brand?post=280347"},{"taxonomy":"product_cat","embeddable":true,"href":"https:\/\/schweizversand.ch\/fr\/wp-json\/wp\/v2\/product_cat?post=280347"},{"taxonomy":"product_tag","embeddable":true,"href":"https:\/\/schweizversand.ch\/fr\/wp-json\/wp\/v2\/product_tag?post=280347"}],"curies":[{"name":"wp","href":"https:\/\/api.w.org\/{rel}","templated":true}]}}