{"id":281228,"date":"2026-08-08T02:00:36","date_gmt":"2026-08-08T00:00:36","guid":{"rendered":"https:\/\/schweizversand.ch\/produkt\/herlitz-notizbuch-a6-kariert-2\/"},"modified":"2026-08-31T15:51:18","modified_gmt":"2026-08-31T13:51:18","slug":"herlitz-notizbuch-a6-kariert-2","status":"publish","type":"product","link":"https:\/\/schweizversand.ch\/it\/produkt\/herlitz-notizbuch-a6-kariert-2\/","title":{"rendered":"Herlitz Quaderno A6 a quadretti"},"content":{"rendered":"<div><\/div>\n<h1><strong>Herlitz Quaderno A6 a quadretti (80 fogli)<\/strong><\/h1>\n<div>Scoprite il <strong>Herlitz Quaderno A6 a quadretti<\/strong>, il vostro compagno ideale per appunti, idee e schizzi nella vita quotidiana. Questo compatto e stiloso <strong>quaderno a quadretti<\/strong> unisce funzionalit\u00e0 a un design accattivante ed \u00e8 perfetto per essere portato sempre con s\u00e9.<\/p>\n<\/div>\n<div><strong>Design e tatto<\/strong><br \/>Il <strong>quaderno Herlitz A6<\/strong> colpisce per la sua unica copertina in <strong>carta kraft<\/strong>, disponibile in tre motivi attraenti (Leaf, Fancy Peacock, Ethnical). Gli angoli arrotondati gli conferiscono un aspetto moderno e una piacevole sensazione al tatto.&nbsp;<\/p>\n<p>Si prega di notare che il design viene fornito assortito in base alla disponibilit\u00e0 e quindi non \u00e8 possibile scegliere il motivo. Il prezzo si intende per blocco.<\/p>\n<\/div>\n<div><strong>Carta di alta qualit\u00e0<\/strong><br \/>Con <strong>80 fogli<\/strong> di carta bianca senza legno (70 g\/m\u00b2), questo <strong>quaderno A6<\/strong> offre una superficie di scrittura eccellente. La riga a quadretti vi supporta nel prendere appunti precisi e nell\u2019organizzare i vostri pensieri. Il materiale \u00e8 inoltre <strong>certificato FSC<\/strong>, a garanzia di una produzione sostenibile.<\/p>\n<\/div>\n<div><strong>Formato compatto<\/strong><br \/>Il pratico formato DIN A6 (10,5 cm x 14,8 cm) rende questo quaderno il compagno perfetto per ogni tasca. Catturate le vostre ispirazioni ovunque vi troviate, con questo quaderno affidabile e di stile.<\/p>\n<\/div>\n<div>Assicuratevi ora il vostro <strong>Herlitz Quaderno A6 a quadretti<\/strong> e portate ordine nei vostri appunti.<\/p>\n<\/div>\n<div><\/div>\n","protected":false},"excerpt":{"rendered":"<p>Scopri il taccuino Herlitz A6 a quadretti, compatto e stiloso con 80 fogli bianchi senza legno, perfetto per annotare idee e schizzi ovunque tu sia.<\/p>\n","protected":false},"featured_media":276724,"template":"","meta":[],"product_brand":[],"product_cat":[38970],"product_tag":[],"class_list":["post-281228","product","type-product","status-publish","has-post-thumbnail","product_cat-diverses","first","instock","taxable","shipping-taxable","purchasable","product-type-simple"],"yoast_head":"<!-- This site is optimized with the Yoast SEO plugin v28.3 - https:\/\/yoast.com\/product\/yoast-seo-wordpress\/ -->\n<title>Herlitz Notizbuch A6, kariert<\/title>\n<meta name=\"description\" content=\"Herlitz Notizbuch A6 kariert (80 Blatt) Entdecken Sie das Herlitz Notizbuch A6 kariert , Ihren idealen Begleiter f\u00fcr Notizen, Ideen und Skizzen im Alltag. Diese\" \/>\n<meta name=\"robots\" content=\"index, follow, max-snippet:-1, max-image-preview:large, max-video-preview:-1\" \/>\n<link rel=\"canonical\" href=\"https:\/\/schweizversand.ch\/it\/produkt\/herlitz-notizbuch-a6-kariert-2\/\" \/>\n<meta property=\"og:locale\" content=\"it_IT\" \/>\n<meta property=\"og:type\" content=\"article\" \/>\n<meta property=\"og:title\" content=\"Herlitz Notizbuch A6, kariert\" \/>\n<meta property=\"og:description\" content=\"Herlitz Notizbuch A6 kariert (80 Blatt) Entdecken Sie das Herlitz Notizbuch A6 kariert , Ihren idealen Begleiter f\u00fcr Notizen, Ideen und Skizzen im Alltag. Diese\" \/>\n<meta property=\"og:url\" content=\"https:\/\/schweizversand.ch\/it\/produkt\/herlitz-notizbuch-a6-kariert-2\/\" \/>\n<meta property=\"og:site_name\" content=\"Schweizer Shop f\u00fcr Sport, Spiel und Freizeit\" \/>\n<meta property=\"article:publisher\" content=\"https:\/\/www.facebook.com\/Schweizversand\" \/>\n<meta property=\"article:modified_time\" content=\"2026-08-31T13:51:18+00:00\" \/>\n<meta property=\"og:image\" content=\"https:\/\/schweizversand.ch\/wp-content\/uploads\/2026\/08\/5598287372.jpg\" \/>\n\t<meta property=\"og:image:width\" content=\"1024\" \/>\n\t<meta property=\"og:image:height\" content=\"461\" \/>\n\t<meta property=\"og:image:type\" content=\"image\/jpeg\" \/>\n<meta name=\"twitter:card\" content=\"summary_large_image\" \/>\n<meta name=\"twitter:label1\" content=\"Tempo di lettura stimato\" \/>\n\t<meta name=\"twitter:data1\" content=\"1 minuto\" \/>\n<script type=\"application\/ld+json\" class=\"yoast-schema-graph\">{\"@context\":\"https:\\\/\\\/schema.org\",\"@graph\":[{\"@type\":\"WebPage\",\"@id\":\"https:\\\/\\\/schweizversand.ch\\\/it\\\/produkt\\\/herlitz-notizbuch-a6-kariert-2\\\/\",\"url\":\"https:\\\/\\\/schweizversand.ch\\\/it\\\/produkt\\\/herlitz-notizbuch-a6-kariert-2\\\/\",\"name\":\"Herlitz Notizbuch A6, kariert\",\"isPartOf\":{\"@id\":\"https:\\\/\\\/schweizversand.ch\\\/it\\\/#website\"},\"primaryImageOfPage\":{\"@id\":\"https:\\\/\\\/schweizversand.ch\\\/it\\\/produkt\\\/herlitz-notizbuch-a6-kariert-2\\\/#primaryimage\"},\"image\":{\"@id\":\"https:\\\/\\\/schweizversand.ch\\\/it\\\/produkt\\\/herlitz-notizbuch-a6-kariert-2\\\/#primaryimage\"},\"thumbnailUrl\":\"https:\\\/\\\/schweizversand.ch\\\/wp-content\\\/uploads\\\/2026\\\/08\\\/5598287372.jpg\",\"datePublished\":\"2026-08-08T00:00:36+00:00\",\"dateModified\":\"2026-08-31T13:51:18+00:00\",\"description\":\"Herlitz Notizbuch A6 kariert (80 Blatt) Entdecken Sie das Herlitz Notizbuch A6 kariert , Ihren idealen Begleiter f\u00fcr Notizen, Ideen und Skizzen im Alltag. Diese\",\"breadcrumb\":{\"@id\":\"https:\\\/\\\/schweizversand.ch\\\/it\\\/produkt\\\/herlitz-notizbuch-a6-kariert-2\\\/#breadcrumb\"},\"inLanguage\":\"it-IT\",\"potentialAction\":[{\"@type\":\"ReadAction\",\"target\":[\"https:\\\/\\\/schweizversand.ch\\\/it\\\/produkt\\\/herlitz-notizbuch-a6-kariert-2\\\/\"]}]},{\"@type\":\"ImageObject\",\"inLanguage\":\"it-IT\",\"@id\":\"https:\\\/\\\/schweizversand.ch\\\/it\\\/produkt\\\/herlitz-notizbuch-a6-kariert-2\\\/#primaryimage\",\"url\":\"https:\\\/\\\/schweizversand.ch\\\/wp-content\\\/uploads\\\/2026\\\/08\\\/5598287372.jpg\",\"contentUrl\":\"https:\\\/\\\/schweizversand.ch\\\/wp-content\\\/uploads\\\/2026\\\/08\\\/5598287372.jpg\",\"width\":1024,\"height\":461},{\"@type\":\"BreadcrumbList\",\"@id\":\"https:\\\/\\\/schweizversand.ch\\\/it\\\/produkt\\\/herlitz-notizbuch-a6-kariert-2\\\/#breadcrumb\",\"itemListElement\":[{\"@type\":\"ListItem\",\"position\":1,\"name\":\"Startseite\",\"item\":\"https:\\\/\\\/schweizversand.ch\\\/it\\\/home\\\/\"},{\"@type\":\"ListItem\",\"position\":2,\"name\":\"Shop\",\"item\":\"https:\\\/\\\/schweizversand.ch\\\/it\\\/shop\\\/\"},{\"@type\":\"ListItem\",\"position\":3,\"name\":\"Ufficio e cancelleria\",\"item\":\"https:\\\/\\\/schweizversand.ch\\\/it\\\/produkt-kategorie\\\/ufficio-e-cancelleria\\\/\"},{\"@type\":\"ListItem\",\"position\":4,\"name\":\"Posto di lavoro\",\"item\":\"https:\\\/\\\/schweizversand.ch\\\/it\\\/produkt-kategorie\\\/ufficio-e-cancelleria\\\/posto-di-lavoro\\\/\"},{\"@type\":\"ListItem\",\"position\":5,\"name\":\"Varie\",\"item\":\"https:\\\/\\\/schweizversand.ch\\\/it\\\/produkt-kategorie\\\/ufficio-e-cancelleria\\\/posto-di-lavoro\\\/diverses\\\/\"},{\"@type\":\"ListItem\",\"position\":6,\"name\":\"Herlitz Quaderno A6 a quadretti\"}]},{\"@type\":\"WebSite\",\"@id\":\"https:\\\/\\\/schweizversand.ch\\\/it\\\/#website\",\"url\":\"https:\\\/\\\/schweizversand.ch\\\/it\\\/\",\"name\":\"Schweizer Shop f\u00fcr Sport, Spiel und Freizeit\",\"description\":\"Gratisversand ab 50.- (netto), ab eigenem schweizer Lager, Lieferung innert 48h\",\"publisher\":{\"@id\":\"https:\\\/\\\/schweizversand.ch\\\/it\\\/#organization\"},\"alternateName\":\"Schweizversand.ch\",\"potentialAction\":[{\"@type\":\"SearchAction\",\"target\":{\"@type\":\"EntryPoint\",\"urlTemplate\":\"https:\\\/\\\/schweizversand.ch\\\/it\\\/?s={search_term_string}\"},\"query-input\":{\"@type\":\"PropertyValueSpecification\",\"valueRequired\":true,\"valueName\":\"search_term_string\"}}],\"inLanguage\":\"it-IT\"},{\"@type\":\"Organization\",\"@id\":\"https:\\\/\\\/schweizversand.ch\\\/it\\\/#organization\",\"name\":\"Schweizversand.ch\",\"url\":\"https:\\\/\\\/schweizversand.ch\\\/it\\\/\",\"logo\":{\"@type\":\"ImageObject\",\"inLanguage\":\"it-IT\",\"@id\":\"https:\\\/\\\/schweizversand.ch\\\/it\\\/#\\\/schema\\\/logo\\\/image\\\/\",\"url\":\"https:\\\/\\\/schweizversand.ch\\\/wp-content\\\/uploads\\\/2026\\\/03\\\/Logo_Rund_Final-1.png\",\"contentUrl\":\"https:\\\/\\\/schweizversand.ch\\\/wp-content\\\/uploads\\\/2026\\\/03\\\/Logo_Rund_Final-1.png\",\"width\":404,\"height\":404,\"caption\":\"Schweizversand.ch\"},\"image\":{\"@id\":\"https:\\\/\\\/schweizversand.ch\\\/it\\\/#\\\/schema\\\/logo\\\/image\\\/\"},\"sameAs\":[\"https:\\\/\\\/www.facebook.com\\\/Schweizversand\",\"https:\\\/\\\/www.instagram.com\\\/schweizversand.ch\\\/\"]}]}<\/script>\n<!-- \/ Yoast SEO plugin. -->","yoast_head_json":{"title":"Herlitz Notizbuch A6, kariert","description":"Herlitz Notizbuch A6 kariert (80 Blatt) Entdecken Sie das Herlitz Notizbuch A6 kariert , Ihren idealen Begleiter f\u00fcr Notizen, Ideen und Skizzen im Alltag. Diese","robots":{"index":"index","follow":"follow","max-snippet":"max-snippet:-1","max-image-preview":"max-image-preview:large","max-video-preview":"max-video-preview:-1"},"canonical":"https:\/\/schweizversand.ch\/it\/produkt\/herlitz-notizbuch-a6-kariert-2\/","og_locale":"it_IT","og_type":"article","og_title":"Herlitz Notizbuch A6, kariert","og_description":"Herlitz Notizbuch A6 kariert (80 Blatt) Entdecken Sie das Herlitz Notizbuch A6 kariert , Ihren idealen Begleiter f\u00fcr Notizen, Ideen und Skizzen im Alltag. Diese","og_url":"https:\/\/schweizversand.ch\/it\/produkt\/herlitz-notizbuch-a6-kariert-2\/","og_site_name":"Schweizer Shop f\u00fcr Sport, Spiel und Freizeit","article_publisher":"https:\/\/www.facebook.com\/Schweizversand","article_modified_time":"2026-08-31T13:51:18+00:00","og_image":[{"width":1024,"height":461,"url":"https:\/\/schweizversand.ch\/wp-content\/uploads\/2026\/08\/5598287372.jpg","type":"image\/jpeg"}],"twitter_card":"summary_large_image","twitter_misc":{"Tempo di lettura stimato":"1 minuto"},"schema":{"@context":"https:\/\/schema.org","@graph":[{"@type":"WebPage","@id":"https:\/\/schweizversand.ch\/it\/produkt\/herlitz-notizbuch-a6-kariert-2\/","url":"https:\/\/schweizversand.ch\/it\/produkt\/herlitz-notizbuch-a6-kariert-2\/","name":"Herlitz Notizbuch A6, kariert","isPartOf":{"@id":"https:\/\/schweizversand.ch\/it\/#website"},"primaryImageOfPage":{"@id":"https:\/\/schweizversand.ch\/it\/produkt\/herlitz-notizbuch-a6-kariert-2\/#primaryimage"},"image":{"@id":"https:\/\/schweizversand.ch\/it\/produkt\/herlitz-notizbuch-a6-kariert-2\/#primaryimage"},"thumbnailUrl":"https:\/\/schweizversand.ch\/wp-content\/uploads\/2026\/08\/5598287372.jpg","datePublished":"2026-08-08T00:00:36+00:00","dateModified":"2026-08-31T13:51:18+00:00","description":"Herlitz Notizbuch A6 kariert (80 Blatt) Entdecken Sie das Herlitz Notizbuch A6 kariert , Ihren idealen Begleiter f\u00fcr Notizen, Ideen und Skizzen im Alltag. Diese","breadcrumb":{"@id":"https:\/\/schweizversand.ch\/it\/produkt\/herlitz-notizbuch-a6-kariert-2\/#breadcrumb"},"inLanguage":"it-IT","potentialAction":[{"@type":"ReadAction","target":["https:\/\/schweizversand.ch\/it\/produkt\/herlitz-notizbuch-a6-kariert-2\/"]}]},{"@type":"ImageObject","inLanguage":"it-IT","@id":"https:\/\/schweizversand.ch\/it\/produkt\/herlitz-notizbuch-a6-kariert-2\/#primaryimage","url":"https:\/\/schweizversand.ch\/wp-content\/uploads\/2026\/08\/5598287372.jpg","contentUrl":"https:\/\/schweizversand.ch\/wp-content\/uploads\/2026\/08\/5598287372.jpg","width":1024,"height":461},{"@type":"BreadcrumbList","@id":"https:\/\/schweizversand.ch\/it\/produkt\/herlitz-notizbuch-a6-kariert-2\/#breadcrumb","itemListElement":[{"@type":"ListItem","position":1,"name":"Startseite","item":"https:\/\/schweizversand.ch\/it\/home\/"},{"@type":"ListItem","position":2,"name":"Shop","item":"https:\/\/schweizversand.ch\/it\/shop\/"},{"@type":"ListItem","position":3,"name":"Ufficio e cancelleria","item":"https:\/\/schweizversand.ch\/it\/produkt-kategorie\/ufficio-e-cancelleria\/"},{"@type":"ListItem","position":4,"name":"Posto di lavoro","item":"https:\/\/schweizversand.ch\/it\/produkt-kategorie\/ufficio-e-cancelleria\/posto-di-lavoro\/"},{"@type":"ListItem","position":5,"name":"Varie","item":"https:\/\/schweizversand.ch\/it\/produkt-kategorie\/ufficio-e-cancelleria\/posto-di-lavoro\/diverses\/"},{"@type":"ListItem","position":6,"name":"Herlitz Quaderno A6 a quadretti"}]},{"@type":"WebSite","@id":"https:\/\/schweizversand.ch\/it\/#website","url":"https:\/\/schweizversand.ch\/it\/","name":"Schweizer Shop f\u00fcr Sport, Spiel und Freizeit","description":"Gratisversand ab 50.- (netto), ab eigenem schweizer Lager, Lieferung innert 48h","publisher":{"@id":"https:\/\/schweizversand.ch\/it\/#organization"},"alternateName":"Schweizversand.ch","potentialAction":[{"@type":"SearchAction","target":{"@type":"EntryPoint","urlTemplate":"https:\/\/schweizversand.ch\/it\/?s={search_term_string}"},"query-input":{"@type":"PropertyValueSpecification","valueRequired":true,"valueName":"search_term_string"}}],"inLanguage":"it-IT"},{"@type":"Organization","@id":"https:\/\/schweizversand.ch\/it\/#organization","name":"Schweizversand.ch","url":"https:\/\/schweizversand.ch\/it\/","logo":{"@type":"ImageObject","inLanguage":"it-IT","@id":"https:\/\/schweizversand.ch\/it\/#\/schema\/logo\/image\/","url":"https:\/\/schweizversand.ch\/wp-content\/uploads\/2026\/03\/Logo_Rund_Final-1.png","contentUrl":"https:\/\/schweizversand.ch\/wp-content\/uploads\/2026\/03\/Logo_Rund_Final-1.png","width":404,"height":404,"caption":"Schweizversand.ch"},"image":{"@id":"https:\/\/schweizversand.ch\/it\/#\/schema\/logo\/image\/"},"sameAs":["https:\/\/www.facebook.com\/Schweizversand","https:\/\/www.instagram.com\/schweizversand.ch\/"]}]}},"jetpack_sharing_enabled":true,"_links":{"self":[{"href":"https:\/\/schweizversand.ch\/it\/wp-json\/wp\/v2\/product\/281228","targetHints":{"allow":["GET"]}}],"collection":[{"href":"https:\/\/schweizversand.ch\/it\/wp-json\/wp\/v2\/product"}],"about":[{"href":"https:\/\/schweizversand.ch\/it\/wp-json\/wp\/v2\/types\/product"}],"wp:featuredmedia":[{"embeddable":true,"href":"https:\/\/schweizversand.ch\/it\/wp-json\/wp\/v2\/media\/276724"}],"wp:attachment":[{"href":"https:\/\/schweizversand.ch\/it\/wp-json\/wp\/v2\/media?parent=281228"}],"wp:term":[{"taxonomy":"product_brand","embeddable":true,"href":"https:\/\/schweizversand.ch\/it\/wp-json\/wp\/v2\/product_brand?post=281228"},{"taxonomy":"product_cat","embeddable":true,"href":"https:\/\/schweizversand.ch\/it\/wp-json\/wp\/v2\/product_cat?post=281228"},{"taxonomy":"product_tag","embeddable":true,"href":"https:\/\/schweizversand.ch\/it\/wp-json\/wp\/v2\/product_tag?post=281228"}],"curies":[{"name":"wp","href":"https:\/\/api.w.org\/{rel}","templated":true}]}}