{"id":281616,"date":"2026-06-13T15:31:02","date_gmt":"2026-06-13T13:31:02","guid":{"rendered":"https:\/\/schweizversand.ch\/produkt\/uvex-skihelm-4\/"},"modified":"2026-09-01T16:06:17","modified_gmt":"2026-09-01T14:06:17","slug":"uvex-skihelm-4","status":"publish","type":"product","link":"https:\/\/schweizversand.ch\/it\/produkt\/uvex-skihelm-4\/","title":{"rendered":"Uvex casco da sci"},"content":{"rendered":"<h1><strong>uvex race+ Casco \u2013 Massima aerodinamica per i piloti da gara<\/strong><\/h1>\n<div>Il uvex race+ \u00e8 il casco da gara definitivo per tutti coloro che cercano velocit\u00e0 massime nello sci alpino. Questo <strong>uvex race+ Casco<\/strong> combina un\u2019aerodinamica ottimizzata per il flusso con una sicurezza senza compromessi, per offrirti un vantaggio decisivo sulla pista.<\/p>\n<\/div>\n<div><strong>Prestazioni e sicurezza<\/strong><br \/>Questo <strong>casco da sci Hardshell<\/strong> \u00e8 stato sviluppato appositamente per l\u2019uso in gara. Esternamente resistente agli urti e internamente assorbente agli impatti, la moderna tecnologia Hardshell protegge in modo affidabile da cadute e colpi. Il materiale termoplastico speciale lo rende <strong>il 15% pi\u00f9 leggero<\/strong> rispetto ai caschi ABS tradizionali, aumentando sensibilmente il comfort di utilizzo mantenendo la massima robustezza.<\/p>\n<\/div>\n<div><strong>Ottimizzato per la velocit\u00e0<\/strong><br \/>L\u2019eccezionale <strong>aerodinamica del casco da sci<\/strong> del <strong>Uvex Race Casco<\/strong> \u00e8 progettata per minimizzare l\u2019attrito e massimizzare la tua velocit\u00e0. Soddisfa i rigorosi requisiti della federazione internazionale di sci ed \u00e8 quindi un perfetto <strong>casco da gara per sci alpino<\/strong>, conforme alle norme <strong>FIS<\/strong>.<\/p>\n<\/div>\n<div><strong>Caratteristiche e comfort<\/strong><br \/>Il casco \u00e8 studiato nei minimi dettagli per garantire il massimo comfort e funzionalit\u00e0:<br \/>&#8211; Ventilazione ottimale per un clima interno piacevole<br \/>&#8211; Natural Sound System con membrana regolabile per una percezione naturale dei suoni<br \/>&#8211; Imbottitura interna anallergica per igiene e compatibilit\u00e0 con la pelle<br \/>&#8211; Chiusura comfort Monomatic, azionabile con una mano e con protezione dall\u2019apertura accidentale<br \/>&#8211; Morbido cinturino per il mento per una calzata confortevole<br \/>&#8211; Supporto per occhiali da sci per una tenuta perfetta degli occhiali<\/p>\n<\/div>\n<div><strong>Qualit\u00e0 certificata<\/strong><br \/>Affidati ai pi\u00f9 alti standard di sicurezza. Il uvex race+ \u00e8 prodotto in Germania ed \u00e8 certificato secondo le principali normative:<br \/>&#8211; FIS RH 2013<br \/>&#8211; EN 1077 A<br \/>&#8211; ASTM F2040<\/p>\n<\/div>\n<div>Scegli il casco uvex race+ per vivere la massima sicurezza e una velocit\u00e0 imbattibile in gara. Assicurati ora il tuo vantaggio sulla pista da gara.<\/p>\n<\/div>\n<div>\n<\/div>\n","protected":false},"excerpt":{"rendered":"<p>Uvex race+ \u00e8 il casco da sci ad alte prestazioni, leggero e aerodinamico, progettato per garantire massima sicurezza e velocit\u00e0 nelle competizioni di sci alpino.<\/p>\n","protected":false},"featured_media":273010,"template":"","meta":[],"product_brand":[],"product_cat":[39318],"product_tag":[],"class_list":["post-281616","product","type-product","status-publish","has-post-thumbnail","product_cat-schutzausruestung","first","instock","taxable","shipping-taxable","purchasable","product-type-simple"],"yoast_head":"<!-- This site is optimized with the Yoast SEO plugin v28.4 - https:\/\/yoast.com\/product\/yoast-seo-wordpress\/ -->\n<title>Uvex Skihelm<\/title>\n<meta name=\"description\" content=\"uvex race+ Helm \u2013 Maximale Aerodynamik f\u00fcr Rennfahrer Der uvex race+ ist der ultimative Rennhelm f\u00fcr alle, die H\u00f6chstgeschwindigkeiten im Ski Alpin Sport suchen\" \/>\n<meta name=\"robots\" content=\"index, follow, max-snippet:-1, max-image-preview:large, max-video-preview:-1\" \/>\n<link rel=\"canonical\" href=\"https:\/\/schweizversand.ch\/it\/produkt\/uvex-skihelm-4\/\" \/>\n<meta property=\"og:locale\" content=\"it_IT\" \/>\n<meta property=\"og:type\" content=\"article\" \/>\n<meta property=\"og:title\" content=\"Uvex Skihelm\" \/>\n<meta property=\"og:description\" content=\"uvex race+ Helm \u2013 Maximale Aerodynamik f\u00fcr Rennfahrer Der uvex race+ ist der ultimative Rennhelm f\u00fcr alle, die H\u00f6chstgeschwindigkeiten im Ski Alpin Sport suchen\" \/>\n<meta property=\"og:url\" content=\"https:\/\/schweizversand.ch\/it\/produkt\/uvex-skihelm-4\/\" \/>\n<meta property=\"og:site_name\" content=\"Schweizer Shop f\u00fcr Sport, Spiel und Freizeit\" \/>\n<meta property=\"article:publisher\" content=\"https:\/\/www.facebook.com\/Schweizversand\" \/>\n<meta property=\"article:modified_time\" content=\"2026-09-01T14:06:17+00:00\" \/>\n<meta property=\"og:image\" content=\"https:\/\/schweizversand.ch\/wp-content\/uploads\/2026\/06\/5816774433.jpg\" \/>\n\t<meta property=\"og:image:width\" content=\"768\" \/>\n\t<meta property=\"og:image:height\" content=\"1024\" \/>\n\t<meta property=\"og:image:type\" content=\"image\/jpeg\" \/>\n<meta name=\"twitter:card\" content=\"summary_large_image\" \/>\n<meta name=\"twitter:label1\" content=\"Tempo di lettura stimato\" \/>\n\t<meta name=\"twitter:data1\" content=\"1 minuto\" \/>\n<script type=\"application\/ld+json\" class=\"yoast-schema-graph\">{\"@context\":\"https:\\\/\\\/schema.org\",\"@graph\":[{\"@type\":\"WebPage\",\"@id\":\"https:\\\/\\\/schweizversand.ch\\\/it\\\/produkt\\\/uvex-skihelm-4\\\/\",\"url\":\"https:\\\/\\\/schweizversand.ch\\\/it\\\/produkt\\\/uvex-skihelm-4\\\/\",\"name\":\"Uvex Skihelm\",\"isPartOf\":{\"@id\":\"https:\\\/\\\/schweizversand.ch\\\/it\\\/#website\"},\"primaryImageOfPage\":{\"@id\":\"https:\\\/\\\/schweizversand.ch\\\/it\\\/produkt\\\/uvex-skihelm-4\\\/#primaryimage\"},\"image\":{\"@id\":\"https:\\\/\\\/schweizversand.ch\\\/it\\\/produkt\\\/uvex-skihelm-4\\\/#primaryimage\"},\"thumbnailUrl\":\"https:\\\/\\\/schweizversand.ch\\\/wp-content\\\/uploads\\\/2026\\\/06\\\/5816774433.jpg\",\"datePublished\":\"2026-06-13T13:31:02+00:00\",\"dateModified\":\"2026-09-01T14:06:17+00:00\",\"description\":\"uvex race+ Helm \u2013 Maximale Aerodynamik f\u00fcr Rennfahrer Der uvex race+ ist der ultimative Rennhelm f\u00fcr alle, die H\u00f6chstgeschwindigkeiten im Ski Alpin Sport suchen\",\"breadcrumb\":{\"@id\":\"https:\\\/\\\/schweizversand.ch\\\/it\\\/produkt\\\/uvex-skihelm-4\\\/#breadcrumb\"},\"inLanguage\":\"it-IT\",\"potentialAction\":[{\"@type\":\"ReadAction\",\"target\":[\"https:\\\/\\\/schweizversand.ch\\\/it\\\/produkt\\\/uvex-skihelm-4\\\/\"]}]},{\"@type\":\"ImageObject\",\"inLanguage\":\"it-IT\",\"@id\":\"https:\\\/\\\/schweizversand.ch\\\/it\\\/produkt\\\/uvex-skihelm-4\\\/#primaryimage\",\"url\":\"https:\\\/\\\/schweizversand.ch\\\/wp-content\\\/uploads\\\/2026\\\/06\\\/5816774433.jpg\",\"contentUrl\":\"https:\\\/\\\/schweizversand.ch\\\/wp-content\\\/uploads\\\/2026\\\/06\\\/5816774433.jpg\",\"width\":768,\"height\":1024},{\"@type\":\"BreadcrumbList\",\"@id\":\"https:\\\/\\\/schweizversand.ch\\\/it\\\/produkt\\\/uvex-skihelm-4\\\/#breadcrumb\",\"itemListElement\":[{\"@type\":\"ListItem\",\"position\":1,\"name\":\"Startseite\",\"item\":\"https:\\\/\\\/schweizversand.ch\\\/it\\\/home\\\/\"},{\"@type\":\"ListItem\",\"position\":2,\"name\":\"Shop\",\"item\":\"https:\\\/\\\/schweizversand.ch\\\/it\\\/shop\\\/\"},{\"@type\":\"ListItem\",\"position\":3,\"name\":\"Schutzausr\u00fcstung\",\"item\":\"https:\\\/\\\/schweizversand.ch\\\/it\\\/produkt-kategorie\\\/schutzausruestung\\\/\"},{\"@type\":\"ListItem\",\"position\":4,\"name\":\"Uvex casco da sci\"}]},{\"@type\":\"WebSite\",\"@id\":\"https:\\\/\\\/schweizversand.ch\\\/it\\\/#website\",\"url\":\"https:\\\/\\\/schweizversand.ch\\\/it\\\/\",\"name\":\"Schweizer Shop f\u00fcr Sport, Spiel und Freizeit\",\"description\":\"Gratisversand ab 50.- (netto), ab eigenem schweizer Lager, Lieferung innert 48h\",\"publisher\":{\"@id\":\"https:\\\/\\\/schweizversand.ch\\\/it\\\/#organization\"},\"alternateName\":\"Schweizversand.ch\",\"potentialAction\":[{\"@type\":\"SearchAction\",\"target\":{\"@type\":\"EntryPoint\",\"urlTemplate\":\"https:\\\/\\\/schweizversand.ch\\\/it\\\/?s={search_term_string}\"},\"query-input\":{\"@type\":\"PropertyValueSpecification\",\"valueRequired\":true,\"valueName\":\"search_term_string\"}}],\"inLanguage\":\"it-IT\"},{\"@type\":\"Organization\",\"@id\":\"https:\\\/\\\/schweizversand.ch\\\/it\\\/#organization\",\"name\":\"Schweizversand.ch\",\"url\":\"https:\\\/\\\/schweizversand.ch\\\/it\\\/\",\"logo\":{\"@type\":\"ImageObject\",\"inLanguage\":\"it-IT\",\"@id\":\"https:\\\/\\\/schweizversand.ch\\\/it\\\/#\\\/schema\\\/logo\\\/image\\\/\",\"url\":\"https:\\\/\\\/schweizversand.ch\\\/wp-content\\\/uploads\\\/2026\\\/03\\\/Logo_Rund_Final-1.png\",\"contentUrl\":\"https:\\\/\\\/schweizversand.ch\\\/wp-content\\\/uploads\\\/2026\\\/03\\\/Logo_Rund_Final-1.png\",\"width\":404,\"height\":404,\"caption\":\"Schweizversand.ch\"},\"image\":{\"@id\":\"https:\\\/\\\/schweizversand.ch\\\/it\\\/#\\\/schema\\\/logo\\\/image\\\/\"},\"sameAs\":[\"https:\\\/\\\/www.facebook.com\\\/Schweizversand\",\"https:\\\/\\\/www.instagram.com\\\/schweizversand.ch\\\/\"]}]}<\/script>\n<!-- \/ Yoast SEO plugin. -->","yoast_head_json":{"title":"Uvex Skihelm","description":"uvex race+ Helm \u2013 Maximale Aerodynamik f\u00fcr Rennfahrer Der uvex race+ ist der ultimative Rennhelm f\u00fcr alle, die H\u00f6chstgeschwindigkeiten im Ski Alpin Sport suchen","robots":{"index":"index","follow":"follow","max-snippet":"max-snippet:-1","max-image-preview":"max-image-preview:large","max-video-preview":"max-video-preview:-1"},"canonical":"https:\/\/schweizversand.ch\/it\/produkt\/uvex-skihelm-4\/","og_locale":"it_IT","og_type":"article","og_title":"Uvex Skihelm","og_description":"uvex race+ Helm \u2013 Maximale Aerodynamik f\u00fcr Rennfahrer Der uvex race+ ist der ultimative Rennhelm f\u00fcr alle, die H\u00f6chstgeschwindigkeiten im Ski Alpin Sport suchen","og_url":"https:\/\/schweizversand.ch\/it\/produkt\/uvex-skihelm-4\/","og_site_name":"Schweizer Shop f\u00fcr Sport, Spiel und Freizeit","article_publisher":"https:\/\/www.facebook.com\/Schweizversand","article_modified_time":"2026-09-01T14:06:17+00:00","og_image":[{"width":768,"height":1024,"url":"https:\/\/schweizversand.ch\/wp-content\/uploads\/2026\/06\/5816774433.jpg","type":"image\/jpeg"}],"twitter_card":"summary_large_image","twitter_misc":{"Tempo di lettura stimato":"1 minuto"},"schema":{"@context":"https:\/\/schema.org","@graph":[{"@type":"WebPage","@id":"https:\/\/schweizversand.ch\/it\/produkt\/uvex-skihelm-4\/","url":"https:\/\/schweizversand.ch\/it\/produkt\/uvex-skihelm-4\/","name":"Uvex Skihelm","isPartOf":{"@id":"https:\/\/schweizversand.ch\/it\/#website"},"primaryImageOfPage":{"@id":"https:\/\/schweizversand.ch\/it\/produkt\/uvex-skihelm-4\/#primaryimage"},"image":{"@id":"https:\/\/schweizversand.ch\/it\/produkt\/uvex-skihelm-4\/#primaryimage"},"thumbnailUrl":"https:\/\/schweizversand.ch\/wp-content\/uploads\/2026\/06\/5816774433.jpg","datePublished":"2026-06-13T13:31:02+00:00","dateModified":"2026-09-01T14:06:17+00:00","description":"uvex race+ Helm \u2013 Maximale Aerodynamik f\u00fcr Rennfahrer Der uvex race+ ist der ultimative Rennhelm f\u00fcr alle, die H\u00f6chstgeschwindigkeiten im Ski Alpin Sport suchen","breadcrumb":{"@id":"https:\/\/schweizversand.ch\/it\/produkt\/uvex-skihelm-4\/#breadcrumb"},"inLanguage":"it-IT","potentialAction":[{"@type":"ReadAction","target":["https:\/\/schweizversand.ch\/it\/produkt\/uvex-skihelm-4\/"]}]},{"@type":"ImageObject","inLanguage":"it-IT","@id":"https:\/\/schweizversand.ch\/it\/produkt\/uvex-skihelm-4\/#primaryimage","url":"https:\/\/schweizversand.ch\/wp-content\/uploads\/2026\/06\/5816774433.jpg","contentUrl":"https:\/\/schweizversand.ch\/wp-content\/uploads\/2026\/06\/5816774433.jpg","width":768,"height":1024},{"@type":"BreadcrumbList","@id":"https:\/\/schweizversand.ch\/it\/produkt\/uvex-skihelm-4\/#breadcrumb","itemListElement":[{"@type":"ListItem","position":1,"name":"Startseite","item":"https:\/\/schweizversand.ch\/it\/home\/"},{"@type":"ListItem","position":2,"name":"Shop","item":"https:\/\/schweizversand.ch\/it\/shop\/"},{"@type":"ListItem","position":3,"name":"Schutzausr\u00fcstung","item":"https:\/\/schweizversand.ch\/it\/produkt-kategorie\/schutzausruestung\/"},{"@type":"ListItem","position":4,"name":"Uvex casco da sci"}]},{"@type":"WebSite","@id":"https:\/\/schweizversand.ch\/it\/#website","url":"https:\/\/schweizversand.ch\/it\/","name":"Schweizer Shop f\u00fcr Sport, Spiel und Freizeit","description":"Gratisversand ab 50.- (netto), ab eigenem schweizer Lager, Lieferung innert 48h","publisher":{"@id":"https:\/\/schweizversand.ch\/it\/#organization"},"alternateName":"Schweizversand.ch","potentialAction":[{"@type":"SearchAction","target":{"@type":"EntryPoint","urlTemplate":"https:\/\/schweizversand.ch\/it\/?s={search_term_string}"},"query-input":{"@type":"PropertyValueSpecification","valueRequired":true,"valueName":"search_term_string"}}],"inLanguage":"it-IT"},{"@type":"Organization","@id":"https:\/\/schweizversand.ch\/it\/#organization","name":"Schweizversand.ch","url":"https:\/\/schweizversand.ch\/it\/","logo":{"@type":"ImageObject","inLanguage":"it-IT","@id":"https:\/\/schweizversand.ch\/it\/#\/schema\/logo\/image\/","url":"https:\/\/schweizversand.ch\/wp-content\/uploads\/2026\/03\/Logo_Rund_Final-1.png","contentUrl":"https:\/\/schweizversand.ch\/wp-content\/uploads\/2026\/03\/Logo_Rund_Final-1.png","width":404,"height":404,"caption":"Schweizversand.ch"},"image":{"@id":"https:\/\/schweizversand.ch\/it\/#\/schema\/logo\/image\/"},"sameAs":["https:\/\/www.facebook.com\/Schweizversand","https:\/\/www.instagram.com\/schweizversand.ch\/"]}]}},"jetpack_sharing_enabled":true,"_links":{"self":[{"href":"https:\/\/schweizversand.ch\/it\/wp-json\/wp\/v2\/product\/281616","targetHints":{"allow":["GET"]}}],"collection":[{"href":"https:\/\/schweizversand.ch\/it\/wp-json\/wp\/v2\/product"}],"about":[{"href":"https:\/\/schweizversand.ch\/it\/wp-json\/wp\/v2\/types\/product"}],"wp:featuredmedia":[{"embeddable":true,"href":"https:\/\/schweizversand.ch\/it\/wp-json\/wp\/v2\/media\/273010"}],"wp:attachment":[{"href":"https:\/\/schweizversand.ch\/it\/wp-json\/wp\/v2\/media?parent=281616"}],"wp:term":[{"taxonomy":"product_brand","embeddable":true,"href":"https:\/\/schweizversand.ch\/it\/wp-json\/wp\/v2\/product_brand?post=281616"},{"taxonomy":"product_cat","embeddable":true,"href":"https:\/\/schweizversand.ch\/it\/wp-json\/wp\/v2\/product_cat?post=281616"},{"taxonomy":"product_tag","embeddable":true,"href":"https:\/\/schweizversand.ch\/it\/wp-json\/wp\/v2\/product_tag?post=281616"}],"curies":[{"name":"wp","href":"https:\/\/api.w.org\/{rel}","templated":true}]}}